{"id":350,"date":"2023-02-22T16:56:08","date_gmt":"2023-02-22T16:56:08","guid":{"rendered":"https:\/\/xerpastudio.com\/?page_id=350"},"modified":"2025-12-16T18:40:19","modified_gmt":"2025-12-16T18:40:19","slug":"zona-mixta","status":"publish","type":"page","link":"https:\/\/xerpastudio.com\/cat\/zona-mixta\/","title":{"rendered":"ZONA MIXTA"},"content":{"rendered":"<div data-elementor-type=\"wp-page\" data-elementor-id=\"350\" class=\"elementor elementor-350\" data-elementor-post-type=\"page\">\n\t\t\t\t\t\t<section class=\"elementor-section elementor-top-section elementor-element elementor-element-426d631 elementor-section-height-min-height elementor-section-boxed elementor-section-height-default elementor-section-items-middle\" data-id=\"426d631\" data-element_type=\"section\" data-e-type=\"section\" data-settings=\"{&quot;background_background&quot;:&quot;classic&quot;}\">\n\t\t\t\t\t\t<div class=\"elementor-container elementor-column-gap-default\">\n\t\t\t\t\t<div class=\"elementor-column elementor-col-100 elementor-top-column elementor-element elementor-element-2bdad9f\" data-id=\"2bdad9f\" data-element_type=\"column\" data-e-type=\"column\">\n\t\t\t<div class=\"elementor-widget-wrap elementor-element-populated\">\n\t\t\t\t\t\t<div class=\"elementor-element elementor-element-5e22ad4 elementor-widget elementor-widget-spacer\" data-id=\"5e22ad4\" data-element_type=\"widget\" data-e-type=\"widget\" data-widget_type=\"spacer.default\">\n\t\t\t\t<div class=\"elementor-widget-container\">\n\t\t\t\t\t\t\t<div class=\"elementor-spacer\">\n\t\t\t<div class=\"elementor-spacer-inner\"><\/div>\n\t\t<\/div>\n\t\t\t\t\t\t<\/div>\n\t\t\t\t<\/div>\n\t\t\t\t<div class=\"elementor-element elementor-element-51091ce elementor-widget elementor-widget-heading\" data-id=\"51091ce\" data-element_type=\"widget\" data-e-type=\"widget\" data-widget_type=\"heading.default\">\n\t\t\t\t<div class=\"elementor-widget-container\">\n\t\t\t\t\t<h2 class=\"elementor-heading-title elementor-size-default\">ZONA MIXTA<\/h2>\t\t\t\t<\/div>\n\t\t\t\t<\/div>\n\t\t\t\t<div class=\"elementor-element elementor-element-a247a9d elementor-widget elementor-widget-text-editor\" data-id=\"a247a9d\" data-element_type=\"widget\" data-e-type=\"widget\" data-widget_type=\"text-editor.default\">\n\t\t\t\t<div class=\"elementor-widget-container\">\n\t\t\t\t\t\t\t\t\t<p style=\"text-align: center;\"><em>Les \u00faltimes not\u00edcies de Xerpa Studio i el m\u00f3n de la comunicaci\u00f3.<\/em><\/p>\t\t\t\t\t\t\t\t<\/div>\n\t\t\t\t<\/div>\n\t\t\t\t<div class=\"elementor-element elementor-element-39c81a2 elementor-grid-3 elementor-grid-tablet-2 elementor-grid-mobile-1 elementor-posts--thumbnail-top elementor-card-shadow-yes elementor-posts__hover-gradient elementor-widget elementor-widget-posts\" data-id=\"39c81a2\" data-element_type=\"widget\" data-e-type=\"widget\" data-settings=\"{&quot;cards_columns&quot;:&quot;3&quot;,&quot;cards_columns_tablet&quot;:&quot;2&quot;,&quot;cards_columns_mobile&quot;:&quot;1&quot;,&quot;cards_row_gap&quot;:{&quot;unit&quot;:&quot;px&quot;,&quot;size&quot;:35,&quot;sizes&quot;:[]},&quot;cards_row_gap_tablet&quot;:{&quot;unit&quot;:&quot;px&quot;,&quot;size&quot;:&quot;&quot;,&quot;sizes&quot;:[]},&quot;cards_row_gap_mobile&quot;:{&quot;unit&quot;:&quot;px&quot;,&quot;size&quot;:&quot;&quot;,&quot;sizes&quot;:[]}}\" data-widget_type=\"posts.cards\">\n\t\t\t\t<div class=\"elementor-widget-container\">\n\t\t\t\t\t\t\t<div class=\"elementor-posts-container elementor-posts elementor-posts--skin-cards elementor-grid\" role=\"list\">\n\t\t\t\t<article class=\"elementor-post elementor-grid-item post-1086 post type-post status-publish format-standard has-post-thumbnail hentry category-estrategia-digital category-instagram category-redes-sociales category-uncategorized\" role=\"listitem\">\n\t\t\t<div class=\"elementor-post__card\">\n\t\t\t\t<a class=\"elementor-post__thumbnail__link\" href=\"https:\/\/xerpastudio.com\/cat\/por-que-as-compro-post-united-el-caso-ue-cornella\/\" tabindex=\"-1\" ><div class=\"elementor-post__thumbnail\"><img fetchpriority=\"high\" decoding=\"async\" width=\"609\" height=\"578\" src=\"https:\/\/xerpastudio.com\/wp-content\/uploads\/2026\/04\/Captura-de-pantalla-2026-04-17-102849.png\" class=\"attachment-large size-large wp-image-1087\" alt=\"La publicaci\u00f3n de AS y Post United sobre la compra del Cormell\u00e0 por parte de Leo Messi.\" srcset=\"https:\/\/xerpastudio.com\/wp-content\/uploads\/2026\/04\/Captura-de-pantalla-2026-04-17-102849.png 609w, https:\/\/xerpastudio.com\/wp-content\/uploads\/2026\/04\/Captura-de-pantalla-2026-04-17-102849-300x285.png 300w, https:\/\/xerpastudio.com\/wp-content\/uploads\/2026\/04\/Captura-de-pantalla-2026-04-17-102849-13x12.png 13w\" sizes=\"(max-width: 609px) 100vw, 609px\" \/><\/div><\/a>\n\t\t\t\t<div class=\"elementor-post__text\">\n\t\t\t\t<h3 class=\"elementor-post__title\">\n\t\t\t<a href=\"https:\/\/xerpastudio.com\/cat\/por-que-as-compro-post-united-el-caso-ue-cornella\/\" >\n\t\t\t\tPer qu\u00e8 AS va comprar Post United? El cas Cornell\u00e0\t\t\t<\/a>\n\t\t<\/h3>\n\t\t\t\t<div class=\"elementor-post__excerpt\">\n\t\t\t<p>An\u00e1lisis comparativo sobre la misma publicaci\u00f3n\u00a0de AS y Post United en Instagram, con resultados totalmente distintos. La semana pasada se anunci\u00f3 la compra de la<\/p>\n\t\t<\/div>\n\t\t\n\t\t<a class=\"elementor-post__read-more\" href=\"https:\/\/xerpastudio.com\/cat\/por-que-as-compro-post-united-el-caso-ue-cornella\/\" aria-label=\"Read more about \u00bfPor qu\u00e9 AS compr\u00f3 Post United? El caso Cornell\u00e0\" tabindex=\"-1\" >\n\t\t\tLLEGEIX &gt;&gt;\t\t<\/a>\n\n\t\t\t\t<\/div>\n\t\t\t\t<div class=\"elementor-post__meta-data\">\n\t\t\t\t\t<span class=\"elementor-post-date\">\n\t\t\tabril 26, 2026\t\t<\/span>\n\t\t\t\t<span class=\"elementor-post-avatar\">\n\t\t\tNo hi ha comentaris\t\t<\/span>\n\t\t\t\t<\/div>\n\t\t\t\t\t<\/div>\n\t\t<\/article>\n\t\t\t\t<article class=\"elementor-post elementor-grid-item post-1047 post type-post status-publish format-standard has-post-thumbnail hentry category-crisis category-reputacion\" role=\"listitem\">\n\t\t\t<div class=\"elementor-post__card\">\n\t\t\t\t<a class=\"elementor-post__thumbnail__link\" href=\"https:\/\/xerpastudio.com\/cat\/cuando-la-catastrofe-natural-se-convierte-en-catastrofe-institucional-lecciones-de-comunicacion-de-la-dana\/\" tabindex=\"-1\" ><div class=\"elementor-post__thumbnail\"><img decoding=\"async\" width=\"727\" height=\"545\" src=\"https:\/\/xerpastudio.com\/wp-content\/uploads\/2025\/11\/Mazon-Dana.png\" class=\"attachment-large size-large wp-image-1048\" alt=\"Carlos Maz\u00f3n, atendiendo a los medios de comunicaci\u00f3n desde el CECOPI.\" srcset=\"https:\/\/xerpastudio.com\/wp-content\/uploads\/2025\/11\/Mazon-Dana.png 727w, https:\/\/xerpastudio.com\/wp-content\/uploads\/2025\/11\/Mazon-Dana-300x225.png 300w, https:\/\/xerpastudio.com\/wp-content\/uploads\/2025\/11\/Mazon-Dana-16x12.png 16w\" sizes=\"(max-width: 727px) 100vw, 727px\" \/><\/div><\/a>\n\t\t\t\t<div class=\"elementor-post__text\">\n\t\t\t\t<h3 class=\"elementor-post__title\">\n\t\t\t<a href=\"https:\/\/xerpastudio.com\/cat\/cuando-la-catastrofe-natural-se-convierte-en-catastrofe-institucional-lecciones-de-comunicacion-de-la-dana\/\" >\n\t\t\t\tQuan la cat\u00e0strofe natural es converteix en cat\u00e0strofe institucional: lli\u00e7ons de comunicaci\u00f3 de la DANA\t\t\t<\/a>\n\t\t<\/h3>\n\t\t\t\t<div class=\"elementor-post__excerpt\">\n\t\t\t<p>En aquest article, Toni Ruiz aborda els aspectes que van fallar en la gesti\u00f3 de la comunicaci\u00f3 de crisi generada pels efectes de la DANA a la Comunitat Valenciana<\/p>\n\t\t<\/div>\n\t\t\n\t\t<a class=\"elementor-post__read-more\" href=\"https:\/\/xerpastudio.com\/cat\/cuando-la-catastrofe-natural-se-convierte-en-catastrofe-institucional-lecciones-de-comunicacion-de-la-dana\/\" aria-label=\"Read more about Cuando la cat\u00e1strofe natural se convierte en cat\u00e1strofe institucional: lecciones de comunicaci\u00f3n de la DANA\" tabindex=\"-1\" >\n\t\t\tLLEGEIX &gt;&gt;\t\t<\/a>\n\n\t\t\t\t<\/div>\n\t\t\t\t<div class=\"elementor-post__meta-data\">\n\t\t\t\t\t<span class=\"elementor-post-date\">\n\t\t\tnovembre 1, 2025\t\t<\/span>\n\t\t\t\t<span class=\"elementor-post-avatar\">\n\t\t\tNo hi ha comentaris\t\t<\/span>\n\t\t\t\t<\/div>\n\t\t\t\t\t<\/div>\n\t\t<\/article>\n\t\t\t\t<article class=\"elementor-post elementor-grid-item post-1039 post type-post status-publish format-standard has-post-thumbnail hentry category-comunicacion-corporativa category-xerpa-studio\" role=\"listitem\">\n\t\t\t<div class=\"elementor-post__card\">\n\t\t\t\t<a class=\"elementor-post__thumbnail__link\" href=\"https:\/\/xerpastudio.com\/cat\/vueling-convierte-a-aitana-bonmati-en-la-primera-futbolista-con-su-nombre-en-un-avion\/\" tabindex=\"-1\" ><div class=\"elementor-post__thumbnail\"><img decoding=\"async\" width=\"800\" height=\"534\" src=\"https:\/\/xerpastudio.com\/wp-content\/uploads\/2025\/04\/VUELING_PARTNERSHIPS_AITANA_REGAL-AVIO_FOTOS-ESPECIAL-PLANO-GENERAL-1024x683.jpg\" class=\"attachment-large size-large wp-image-1040\" alt=\"Aitana Bonmat\u00ed, delante del avi\u00f3n que lleva su nombre. Foto: Vueling.\" srcset=\"https:\/\/xerpastudio.com\/wp-content\/uploads\/2025\/04\/VUELING_PARTNERSHIPS_AITANA_REGAL-AVIO_FOTOS-ESPECIAL-PLANO-GENERAL-1024x683.jpg 1024w, https:\/\/xerpastudio.com\/wp-content\/uploads\/2025\/04\/VUELING_PARTNERSHIPS_AITANA_REGAL-AVIO_FOTOS-ESPECIAL-PLANO-GENERAL-300x200.jpg 300w, https:\/\/xerpastudio.com\/wp-content\/uploads\/2025\/04\/VUELING_PARTNERSHIPS_AITANA_REGAL-AVIO_FOTOS-ESPECIAL-PLANO-GENERAL-768x512.jpg 768w, https:\/\/xerpastudio.com\/wp-content\/uploads\/2025\/04\/VUELING_PARTNERSHIPS_AITANA_REGAL-AVIO_FOTOS-ESPECIAL-PLANO-GENERAL-1536x1024.jpg 1536w, https:\/\/xerpastudio.com\/wp-content\/uploads\/2025\/04\/VUELING_PARTNERSHIPS_AITANA_REGAL-AVIO_FOTOS-ESPECIAL-PLANO-GENERAL-2048x1365.jpg 2048w, https:\/\/xerpastudio.com\/wp-content\/uploads\/2025\/04\/VUELING_PARTNERSHIPS_AITANA_REGAL-AVIO_FOTOS-ESPECIAL-PLANO-GENERAL-18x12.jpg 18w\" sizes=\"(max-width: 800px) 100vw, 800px\" \/><\/div><\/a>\n\t\t\t\t<div class=\"elementor-post__text\">\n\t\t\t\t<h3 class=\"elementor-post__title\">\n\t\t\t<a href=\"https:\/\/xerpastudio.com\/cat\/vueling-convierte-a-aitana-bonmati-en-la-primera-futbolista-con-su-nombre-en-un-avion\/\" >\n\t\t\t\tVueling converteix Aitana Bonmat\u00ed en la primera futbolista amb el seu nom en un avi\u00f3\t\t\t<\/a>\n\t\t<\/h3>\n\t\t\t\t<div class=\"elementor-post__excerpt\">\n\t\t\t<p>Gran cobertura medi\u00e0tica a l'anunci de l'aerol\u00ednia catalana, que ret homenatge a la jugadora i bateja un A320 amb el nom de la doble guanyadora de la Pilota d'Or<\/p>\n\t\t<\/div>\n\t\t\n\t\t<a class=\"elementor-post__read-more\" href=\"https:\/\/xerpastudio.com\/cat\/vueling-convierte-a-aitana-bonmati-en-la-primera-futbolista-con-su-nombre-en-un-avion\/\" aria-label=\"Read more about Vueling convierte a Aitana Bonmat\u00ed en la primera futbolista con su nombre en un avi\u00f3n\" tabindex=\"-1\" >\n\t\t\tLLEGEIX &gt;&gt;\t\t<\/a>\n\n\t\t\t\t<\/div>\n\t\t\t\t<div class=\"elementor-post__meta-data\">\n\t\t\t\t\t<span class=\"elementor-post-date\">\n\t\t\tabril 15, 2025\t\t<\/span>\n\t\t\t\t<span class=\"elementor-post-avatar\">\n\t\t\tNo hi ha comentaris\t\t<\/span>\n\t\t\t\t<\/div>\n\t\t\t\t\t<\/div>\n\t\t<\/article>\n\t\t\t\t<article class=\"elementor-post elementor-grid-item post-1034 post type-post status-publish format-standard has-post-thumbnail hentry category-uncategorized\" role=\"listitem\">\n\t\t\t<div class=\"elementor-post__card\">\n\t\t\t\t<a class=\"elementor-post__thumbnail__link\" href=\"https:\/\/xerpastudio.com\/cat\/the-life-club-una-campana-poco-convencional\/\" tabindex=\"-1\" ><div class=\"elementor-post__thumbnail\"><img loading=\"lazy\" decoding=\"async\" width=\"768\" height=\"1024\" src=\"https:\/\/xerpastudio.com\/wp-content\/uploads\/2025\/01\/Lona-Metropolitan-Francesc-Macia-1-768x1024.jpg\" class=\"attachment-large size-large wp-image-1035\" alt=\"\" srcset=\"https:\/\/xerpastudio.com\/wp-content\/uploads\/2025\/01\/Lona-Metropolitan-Francesc-Macia-1-768x1024.jpg 768w, https:\/\/xerpastudio.com\/wp-content\/uploads\/2025\/01\/Lona-Metropolitan-Francesc-Macia-1-225x300.jpg 225w, https:\/\/xerpastudio.com\/wp-content\/uploads\/2025\/01\/Lona-Metropolitan-Francesc-Macia-1-1152x1536.jpg 1152w, https:\/\/xerpastudio.com\/wp-content\/uploads\/2025\/01\/Lona-Metropolitan-Francesc-Macia-1-1536x2048.jpg 1536w, https:\/\/xerpastudio.com\/wp-content\/uploads\/2025\/01\/Lona-Metropolitan-Francesc-Macia-1-9x12.jpg 9w, https:\/\/xerpastudio.com\/wp-content\/uploads\/2025\/01\/Lona-Metropolitan-Francesc-Macia-1.jpg 1900w\" sizes=\"(max-width: 768px) 100vw, 768px\" \/><\/div><\/a>\n\t\t\t\t<div class=\"elementor-post__text\">\n\t\t\t\t<h3 class=\"elementor-post__title\">\n\t\t\t<a href=\"https:\/\/xerpastudio.com\/cat\/the-life-club-una-campana-poco-convencional\/\" >\n\t\t\t\tThe Life Club, una campanya poc convencional\t\t\t<\/a>\n\t\t<\/h3>\n\t\t\t\t<div class=\"elementor-post__excerpt\">\n\t\t\t<p>Metropolitan trenca amb els codis convencionals de comunicaci\u00f3 del sector fitness i aposta per  una l\u00ednea gr\u00e1fica m\u00e1s propera a les editorials de moda<\/p>\n\t\t<\/div>\n\t\t\n\t\t<a class=\"elementor-post__read-more\" href=\"https:\/\/xerpastudio.com\/cat\/the-life-club-una-campana-poco-convencional\/\" aria-label=\"Read more about The Life Club, una campa\u00f1a poco convencional\" tabindex=\"-1\" >\n\t\t\tLLEGEIX &gt;&gt;\t\t<\/a>\n\n\t\t\t\t<\/div>\n\t\t\t\t<div class=\"elementor-post__meta-data\">\n\t\t\t\t\t<span class=\"elementor-post-date\">\n\t\t\tgener 17, 2025\t\t<\/span>\n\t\t\t\t<span class=\"elementor-post-avatar\">\n\t\t\tNo hi ha comentaris\t\t<\/span>\n\t\t\t\t<\/div>\n\t\t\t\t\t<\/div>\n\t\t<\/article>\n\t\t\t\t<article class=\"elementor-post elementor-grid-item post-1030 post type-post status-publish format-standard has-post-thumbnail hentry category-uncategorized\" role=\"listitem\">\n\t\t\t<div class=\"elementor-post__card\">\n\t\t\t\t<a class=\"elementor-post__thumbnail__link\" href=\"https:\/\/xerpastudio.com\/cat\/la-herencia-del-centenario\/\" tabindex=\"-1\" ><div class=\"elementor-post__thumbnail\"><img loading=\"lazy\" decoding=\"async\" width=\"800\" height=\"593\" src=\"https:\/\/xerpastudio.com\/wp-content\/uploads\/2024\/11\/WhatsApp-Image-2024-11-29-at-09.06.29-1024x759.jpeg\" class=\"attachment-large size-large wp-image-1031\" alt=\"El equipo que organiz\u00f3 el Centenario del FC Barcelona, con Toni Ruiz (cuarto por la izquiera) y David Saura (primero por la derecha), que actualmente forman parte de Xerpa Studio.\" srcset=\"https:\/\/xerpastudio.com\/wp-content\/uploads\/2024\/11\/WhatsApp-Image-2024-11-29-at-09.06.29-1024x759.jpeg 1024w, https:\/\/xerpastudio.com\/wp-content\/uploads\/2024\/11\/WhatsApp-Image-2024-11-29-at-09.06.29-300x222.jpeg 300w, https:\/\/xerpastudio.com\/wp-content\/uploads\/2024\/11\/WhatsApp-Image-2024-11-29-at-09.06.29-768x569.jpeg 768w, https:\/\/xerpastudio.com\/wp-content\/uploads\/2024\/11\/WhatsApp-Image-2024-11-29-at-09.06.29-1536x1139.jpeg 1536w, https:\/\/xerpastudio.com\/wp-content\/uploads\/2024\/11\/WhatsApp-Image-2024-11-29-at-09.06.29-16x12.jpeg 16w, https:\/\/xerpastudio.com\/wp-content\/uploads\/2024\/11\/WhatsApp-Image-2024-11-29-at-09.06.29.jpeg 1600w\" sizes=\"(max-width: 800px) 100vw, 800px\" \/><\/div><\/a>\n\t\t\t\t<div class=\"elementor-post__text\">\n\t\t\t\t<h3 class=\"elementor-post__title\">\n\t\t\t<a href=\"https:\/\/xerpastudio.com\/cat\/la-herencia-del-centenario\/\" >\n\t\t\t\tL'her\u00e8ncia del Centenari\t\t\t<\/a>\n\t\t<\/h3>\n\t\t\t\t<div class=\"elementor-post__excerpt\">\n\t\t\t<p>En aquest article publicat a La Vanguardia, Toni Ruiz repassa el llegat que van deixar els actes commemoratius del centenari del FC Barcelona<\/p>\n\t\t<\/div>\n\t\t\n\t\t<a class=\"elementor-post__read-more\" href=\"https:\/\/xerpastudio.com\/cat\/la-herencia-del-centenario\/\" aria-label=\"Read more about La herencia del Centenario\" tabindex=\"-1\" >\n\t\t\tLLEGEIX &gt;&gt;\t\t<\/a>\n\n\t\t\t\t<\/div>\n\t\t\t\t<div class=\"elementor-post__meta-data\">\n\t\t\t\t\t<span class=\"elementor-post-date\">\n\t\t\tnovembre 29, 2024\t\t<\/span>\n\t\t\t\t<span class=\"elementor-post-avatar\">\n\t\t\tNo hi ha comentaris\t\t<\/span>\n\t\t\t\t<\/div>\n\t\t\t\t\t<\/div>\n\t\t<\/article>\n\t\t\t\t<article class=\"elementor-post elementor-grid-item post-1025 post type-post status-publish format-standard has-post-thumbnail hentry category-crisis category-estrategia-digital category-reputacion\" role=\"listitem\">\n\t\t\t<div class=\"elementor-post__card\">\n\t\t\t\t<a class=\"elementor-post__thumbnail__link\" href=\"https:\/\/xerpastudio.com\/cat\/reputacion-la-gestion-de-redes-sociales-en-situaciones-de-emergencia\/\" tabindex=\"-1\" ><div class=\"elementor-post__thumbnail\"><img loading=\"lazy\" decoding=\"async\" width=\"800\" height=\"534\" src=\"https:\/\/xerpastudio.com\/wp-content\/uploads\/2024\/11\/jake-espedido-ty9Dyq24T7I-unsplash-1024x683.jpg\" class=\"attachment-large size-large wp-image-1026\" alt=\"\" srcset=\"https:\/\/xerpastudio.com\/wp-content\/uploads\/2024\/11\/jake-espedido-ty9Dyq24T7I-unsplash-1024x683.jpg 1024w, https:\/\/xerpastudio.com\/wp-content\/uploads\/2024\/11\/jake-espedido-ty9Dyq24T7I-unsplash-300x200.jpg 300w, https:\/\/xerpastudio.com\/wp-content\/uploads\/2024\/11\/jake-espedido-ty9Dyq24T7I-unsplash-768x512.jpg 768w, https:\/\/xerpastudio.com\/wp-content\/uploads\/2024\/11\/jake-espedido-ty9Dyq24T7I-unsplash-1536x1024.jpg 1536w, https:\/\/xerpastudio.com\/wp-content\/uploads\/2024\/11\/jake-espedido-ty9Dyq24T7I-unsplash-2048x1365.jpg 2048w, https:\/\/xerpastudio.com\/wp-content\/uploads\/2024\/11\/jake-espedido-ty9Dyq24T7I-unsplash-18x12.jpg 18w\" sizes=\"(max-width: 800px) 100vw, 800px\" \/><\/div><\/a>\n\t\t\t\t<div class=\"elementor-post__text\">\n\t\t\t\t<h3 class=\"elementor-post__title\">\n\t\t\t<a href=\"https:\/\/xerpastudio.com\/cat\/reputacion-la-gestion-de-redes-sociales-en-situaciones-de-emergencia\/\" >\n\t\t\t\tReputaci\u00f3: la gesti\u00f3 de xarxes socials en situacions d\u2019emerg\u00e8ncia\t\t\t<\/a>\n\t\t<\/h3>\n\t\t\t\t<div class=\"elementor-post__excerpt\">\n\t\t\t<p>Repassem 5 consells b\u00e0sics que, si sou community managers o gestors de continguts digitals, us poden ser d'utilitat en casos de desastres naturals o crisis sobevingudes<\/p>\n\t\t<\/div>\n\t\t\n\t\t<a class=\"elementor-post__read-more\" href=\"https:\/\/xerpastudio.com\/cat\/reputacion-la-gestion-de-redes-sociales-en-situaciones-de-emergencia\/\" aria-label=\"Read more about Reputaci\u00f3n: la gesti\u00f3n de redes sociales en situaciones de emergencia\" tabindex=\"-1\" >\n\t\t\tLLEGEIX &gt;&gt;\t\t<\/a>\n\n\t\t\t\t<\/div>\n\t\t\t\t<div class=\"elementor-post__meta-data\">\n\t\t\t\t\t<span class=\"elementor-post-date\">\n\t\t\tnovembre 6, 2024\t\t<\/span>\n\t\t\t\t<span class=\"elementor-post-avatar\">\n\t\t\tNo hi ha comentaris\t\t<\/span>\n\t\t\t\t<\/div>\n\t\t\t\t\t<\/div>\n\t\t<\/article>\n\t\t\t\t<article class=\"elementor-post elementor-grid-item post-1019 post type-post status-publish format-standard has-post-thumbnail hentry category-comunicacion-corporativa category-redes-sociales category-xerpa-studio\" role=\"listitem\">\n\t\t\t<div class=\"elementor-post__card\">\n\t\t\t\t<a class=\"elementor-post__thumbnail__link\" href=\"https:\/\/xerpastudio.com\/cat\/mas-de-40-estrellas-michelin-en-barcelona\/\" tabindex=\"-1\" ><div class=\"elementor-post__thumbnail\"><img loading=\"lazy\" decoding=\"async\" width=\"800\" height=\"534\" src=\"https:\/\/xerpastudio.com\/wp-content\/uploads\/2024\/09\/WhatsApp-Image-2024-09-10-at-17.12.25-1024x683.jpeg\" class=\"attachment-large size-large wp-image-1020\" alt=\"Los cocineros que participaron en el evento de Casacas Rojas, ataviados con las monteras conmemorativas.\" srcset=\"https:\/\/xerpastudio.com\/wp-content\/uploads\/2024\/09\/WhatsApp-Image-2024-09-10-at-17.12.25-1024x683.jpeg 1024w, https:\/\/xerpastudio.com\/wp-content\/uploads\/2024\/09\/WhatsApp-Image-2024-09-10-at-17.12.25-300x200.jpeg 300w, https:\/\/xerpastudio.com\/wp-content\/uploads\/2024\/09\/WhatsApp-Image-2024-09-10-at-17.12.25-768x512.jpeg 768w, https:\/\/xerpastudio.com\/wp-content\/uploads\/2024\/09\/WhatsApp-Image-2024-09-10-at-17.12.25-1536x1024.jpeg 1536w, https:\/\/xerpastudio.com\/wp-content\/uploads\/2024\/09\/WhatsApp-Image-2024-09-10-at-17.12.25-18x12.jpeg 18w, https:\/\/xerpastudio.com\/wp-content\/uploads\/2024\/09\/WhatsApp-Image-2024-09-10-at-17.12.25.jpeg 2048w\" sizes=\"(max-width: 800px) 100vw, 800px\" \/><\/div><\/a>\n\t\t\t\t<div class=\"elementor-post__text\">\n\t\t\t\t<h3 class=\"elementor-post__title\">\n\t\t\t<a href=\"https:\/\/xerpastudio.com\/cat\/mas-de-40-estrellas-michelin-en-barcelona\/\" >\n\t\t\t\tM\u00e9s de 40 estrelles Michelin a Barcelona\t\t\t<\/a>\n\t\t<\/h3>\n\t\t\t\t<div class=\"elementor-post__excerpt\">\n\t\t\t<p>Coincidint amb la Copa Am\u00e8rica, el grup Casacas Rojas va reunir a Bastian Beach la flor i nata de la gastronomia espanyola, en un esdeveniment on Xerpa Studio va coordinar la comunicaci\u00f3 aix\u00ed com la gesti\u00f3 de xarxes socials i la producci\u00f3 i la generaci\u00f3 de continguts audiovisuals <\/p>\n\t\t<\/div>\n\t\t\n\t\t<a class=\"elementor-post__read-more\" href=\"https:\/\/xerpastudio.com\/cat\/mas-de-40-estrellas-michelin-en-barcelona\/\" aria-label=\"Read more about M\u00e1s de 40 estrellas Michelin en Barcelona\" tabindex=\"-1\" >\n\t\t\tLLEGEIX &gt;&gt;\t\t<\/a>\n\n\t\t\t\t<\/div>\n\t\t\t\t<div class=\"elementor-post__meta-data\">\n\t\t\t\t\t<span class=\"elementor-post-date\">\n\t\t\tsetembre 10, 2024\t\t<\/span>\n\t\t\t\t<span class=\"elementor-post-avatar\">\n\t\t\tNo hi ha comentaris\t\t<\/span>\n\t\t\t\t<\/div>\n\t\t\t\t\t<\/div>\n\t\t<\/article>\n\t\t\t\t<article class=\"elementor-post elementor-grid-item post-1012 post type-post status-publish format-standard has-post-thumbnail hentry category-reputacion\" role=\"listitem\">\n\t\t\t<div class=\"elementor-post__card\">\n\t\t\t\t<a class=\"elementor-post__thumbnail__link\" href=\"https:\/\/xerpastudio.com\/cat\/la-sonrisa-de-los-empleados\/\" tabindex=\"-1\" ><div class=\"elementor-post__thumbnail\"><img loading=\"lazy\" decoding=\"async\" width=\"800\" height=\"534\" src=\"https:\/\/xerpastudio.com\/wp-content\/uploads\/2024\/06\/PY3A4187-1024x683.jpg\" class=\"attachment-large size-large wp-image-1013\" alt=\"Pastel del 20 aniversario de Vueling.\" srcset=\"https:\/\/xerpastudio.com\/wp-content\/uploads\/2024\/06\/PY3A4187-1024x683.jpg 1024w, https:\/\/xerpastudio.com\/wp-content\/uploads\/2024\/06\/PY3A4187-300x200.jpg 300w, https:\/\/xerpastudio.com\/wp-content\/uploads\/2024\/06\/PY3A4187-768x512.jpg 768w, https:\/\/xerpastudio.com\/wp-content\/uploads\/2024\/06\/PY3A4187-1536x1024.jpg 1536w, https:\/\/xerpastudio.com\/wp-content\/uploads\/2024\/06\/PY3A4187-2048x1365.jpg 2048w, https:\/\/xerpastudio.com\/wp-content\/uploads\/2024\/06\/PY3A4187-18x12.jpg 18w\" sizes=\"(max-width: 800px) 100vw, 800px\" \/><\/div><\/a>\n\t\t\t\t<div class=\"elementor-post__text\">\n\t\t\t\t<h3 class=\"elementor-post__title\">\n\t\t\t<a href=\"https:\/\/xerpastudio.com\/cat\/la-sonrisa-de-los-empleados\/\" >\n\t\t\t\tEl somriure dels empleats\t\t\t<\/a>\n\t\t<\/h3>\n\t\t\t\t<div class=\"elementor-post__excerpt\">\n\t\t\t<p>Els exemples de Metropolitan i Vueling per tenir cura dels seus equips professionals<\/p>\n\t\t<\/div>\n\t\t\n\t\t<a class=\"elementor-post__read-more\" href=\"https:\/\/xerpastudio.com\/cat\/la-sonrisa-de-los-empleados\/\" aria-label=\"Read more about La sonrisa de los empleados\" tabindex=\"-1\" >\n\t\t\tLLEGEIX &gt;&gt;\t\t<\/a>\n\n\t\t\t\t<\/div>\n\t\t\t\t<div class=\"elementor-post__meta-data\">\n\t\t\t\t\t<span class=\"elementor-post-date\">\n\t\t\tjuny 28, 2024\t\t<\/span>\n\t\t\t\t<span class=\"elementor-post-avatar\">\n\t\t\tNo hi ha comentaris\t\t<\/span>\n\t\t\t\t<\/div>\n\t\t\t\t\t<\/div>\n\t\t<\/article>\n\t\t\t\t<article class=\"elementor-post elementor-grid-item post-1004 post type-post status-publish format-standard has-post-thumbnail hentry category-xerpa-studio\" role=\"listitem\">\n\t\t\t<div class=\"elementor-post__card\">\n\t\t\t\t<a class=\"elementor-post__thumbnail__link\" href=\"https:\/\/xerpastudio.com\/cat\/xerpa-studio-2023-infinitas-gracias\/\" tabindex=\"-1\" ><div class=\"elementor-post__thumbnail\"><img loading=\"lazy\" decoding=\"async\" width=\"800\" height=\"800\" src=\"https:\/\/xerpastudio.com\/wp-content\/uploads\/2023\/12\/WhatsApp-Image-2023-12-22-at-11.08.36.jpeg\" class=\"attachment-large size-large wp-image-1005\" alt=\"\" srcset=\"https:\/\/xerpastudio.com\/wp-content\/uploads\/2023\/12\/WhatsApp-Image-2023-12-22-at-11.08.36.jpeg 1024w, https:\/\/xerpastudio.com\/wp-content\/uploads\/2023\/12\/WhatsApp-Image-2023-12-22-at-11.08.36-300x300.jpeg 300w, https:\/\/xerpastudio.com\/wp-content\/uploads\/2023\/12\/WhatsApp-Image-2023-12-22-at-11.08.36-150x150.jpeg 150w, https:\/\/xerpastudio.com\/wp-content\/uploads\/2023\/12\/WhatsApp-Image-2023-12-22-at-11.08.36-768x768.jpeg 768w, https:\/\/xerpastudio.com\/wp-content\/uploads\/2023\/12\/WhatsApp-Image-2023-12-22-at-11.08.36-12x12.jpeg 12w\" sizes=\"(max-width: 800px) 100vw, 800px\" \/><\/div><\/a>\n\t\t\t\t<div class=\"elementor-post__text\">\n\t\t\t\t<h3 class=\"elementor-post__title\">\n\t\t\t<a href=\"https:\/\/xerpastudio.com\/cat\/xerpa-studio-2023-infinitas-gracias\/\" >\n\t\t\t\tXerpa Studio: 2023, infinites gr\u00e0cies\t\t\t<\/a>\n\t\t<\/h3>\n\t\t\t\t<div class=\"elementor-post__excerpt\">\n\t\t\t<p>Balan\u00e7 del primer any de la companyia, des de la seva creaci\u00f3 fins a la sortida al mercat<\/p>\n\t\t<\/div>\n\t\t\n\t\t<a class=\"elementor-post__read-more\" href=\"https:\/\/xerpastudio.com\/cat\/xerpa-studio-2023-infinitas-gracias\/\" aria-label=\"Read more about Xerpa Studio: 2023, infinitas gracias\" tabindex=\"-1\" >\n\t\t\tLLEGEIX &gt;&gt;\t\t<\/a>\n\n\t\t\t\t<\/div>\n\t\t\t\t<div class=\"elementor-post__meta-data\">\n\t\t\t\t\t<span class=\"elementor-post-date\">\n\t\t\tdesembre 30, 2023\t\t<\/span>\n\t\t\t\t<span class=\"elementor-post-avatar\">\n\t\t\tNo hi ha comentaris\t\t<\/span>\n\t\t\t\t<\/div>\n\t\t\t\t\t<\/div>\n\t\t<\/article>\n\t\t\t\t<article class=\"elementor-post elementor-grid-item post-1000 post type-post status-publish format-standard has-post-thumbnail hentry category-comunicacion-corporativa category-crisis category-reputacion\" role=\"listitem\">\n\t\t\t<div class=\"elementor-post__card\">\n\t\t\t\t<a class=\"elementor-post__thumbnail__link\" href=\"https:\/\/xerpastudio.com\/cat\/el-valor-de-la-humildad-en-la-comunicacion-de-crisis\/\" tabindex=\"-1\" ><div class=\"elementor-post__thumbnail\"><img loading=\"lazy\" decoding=\"async\" width=\"800\" height=\"473\" src=\"https:\/\/xerpastudio.com\/wp-content\/uploads\/2023\/11\/Captura_de_pantalla_2023-11-17_134319-transformed.png\" class=\"attachment-large size-large wp-image-1001\" alt=\"\" srcset=\"https:\/\/xerpastudio.com\/wp-content\/uploads\/2023\/11\/Captura_de_pantalla_2023-11-17_134319-transformed.png 1004w, https:\/\/xerpastudio.com\/wp-content\/uploads\/2023\/11\/Captura_de_pantalla_2023-11-17_134319-transformed-300x177.png 300w, https:\/\/xerpastudio.com\/wp-content\/uploads\/2023\/11\/Captura_de_pantalla_2023-11-17_134319-transformed-768x454.png 768w, https:\/\/xerpastudio.com\/wp-content\/uploads\/2023\/11\/Captura_de_pantalla_2023-11-17_134319-transformed-18x12.png 18w\" sizes=\"(max-width: 800px) 100vw, 800px\" \/><\/div><\/a>\n\t\t\t\t<div class=\"elementor-post__text\">\n\t\t\t\t<h3 class=\"elementor-post__title\">\n\t\t\t<a href=\"https:\/\/xerpastudio.com\/cat\/el-valor-de-la-humildad-en-la-comunicacion-de-crisis\/\" >\n\t\t\t\tEl valor de la humilitat en la comunicaci\u00f3 de crisi\t\t\t<\/a>\n\t\t<\/h3>\n\t\t\t\t<div class=\"elementor-post__excerpt\">\n\t\t\t<p>Sobre humilitat i comunicaci\u00f3 de crisi, segur que us v\u00e9nen al capdavant alguns exemples recents on s'ha trobat a faltar la primera. En aquest article per a 2Playbook, Toni Ruiz reflexiona sobre aspectes com la confian\u00e7a, el respecte o la permeabilitat als consells, tan necessaris en aquests contextos de m\u00e0xima tensi\u00f3 de les organitzacions.<\/p>\n\t\t<\/div>\n\t\t\n\t\t<a class=\"elementor-post__read-more\" href=\"https:\/\/xerpastudio.com\/cat\/el-valor-de-la-humildad-en-la-comunicacion-de-crisis\/\" aria-label=\"Read more about El valor de la humildad en la comunicaci\u00f3n de crisis\" tabindex=\"-1\" >\n\t\t\tLLEGEIX &gt;&gt;\t\t<\/a>\n\n\t\t\t\t<\/div>\n\t\t\t\t<div class=\"elementor-post__meta-data\">\n\t\t\t\t\t<span class=\"elementor-post-date\">\n\t\t\tnovembre 17, 2023\t\t<\/span>\n\t\t\t\t<span class=\"elementor-post-avatar\">\n\t\t\tNo hi ha comentaris\t\t<\/span>\n\t\t\t\t<\/div>\n\t\t\t\t\t<\/div>\n\t\t<\/article>\n\t\t\t\t<article class=\"elementor-post elementor-grid-item post-994 post type-post status-publish format-standard has-post-thumbnail hentry category-uncategorized\" role=\"listitem\">\n\t\t\t<div class=\"elementor-post__card\">\n\t\t\t\t<a class=\"elementor-post__thumbnail__link\" href=\"https:\/\/xerpastudio.com\/cat\/la-batalla-por-la-audiencia-y-los-nuevos-retos-del-deporte-profesional\/\" tabindex=\"-1\" ><div class=\"elementor-post__thumbnail\"><img loading=\"lazy\" decoding=\"async\" width=\"632\" height=\"370\" src=\"https:\/\/xerpastudio.com\/wp-content\/uploads\/2023\/10\/Captura-de-pantalla-2023-10-04-204922.png\" class=\"attachment-large size-large wp-image-995\" alt=\"Desfile de los JJOO de Barcelona 92, con la bandera ol\u00edmpica.\" srcset=\"https:\/\/xerpastudio.com\/wp-content\/uploads\/2023\/10\/Captura-de-pantalla-2023-10-04-204922.png 632w, https:\/\/xerpastudio.com\/wp-content\/uploads\/2023\/10\/Captura-de-pantalla-2023-10-04-204922-300x176.png 300w, https:\/\/xerpastudio.com\/wp-content\/uploads\/2023\/10\/Captura-de-pantalla-2023-10-04-204922-18x12.png 18w\" sizes=\"(max-width: 632px) 100vw, 632px\" \/><\/div><\/a>\n\t\t\t\t<div class=\"elementor-post__text\">\n\t\t\t\t<h3 class=\"elementor-post__title\">\n\t\t\t<a href=\"https:\/\/xerpastudio.com\/cat\/la-batalla-por-la-audiencia-y-los-nuevos-retos-del-deporte-profesional\/\" >\n\t\t\t\tLa batalla per l'audi\u00e8ncia i els nous reptes de l\u2019esport professional\u00a0\t\t\t<\/a>\n\t\t<\/h3>\n\t\t\t\t<div class=\"elementor-post__excerpt\">\n\t\t\t<p>Article de Toni Ruiz per a El Peri\u00f3dico de Catalunya sobre l'evoluci\u00f3 del m\u00f3n de l'esport en els pr\u00f2xims anys, amb motiu de l'especial per commemorar el 45\u00e8 aniversari de la publicaci\u00f3.<\/p>\n\t\t<\/div>\n\t\t\n\t\t<a class=\"elementor-post__read-more\" href=\"https:\/\/xerpastudio.com\/cat\/la-batalla-por-la-audiencia-y-los-nuevos-retos-del-deporte-profesional\/\" aria-label=\"Read more about La batalla por la audiencia y los nuevos retos del deporte profesional\u00a0\" tabindex=\"-1\" >\n\t\t\tLLEGEIX &gt;&gt;\t\t<\/a>\n\n\t\t\t\t<\/div>\n\t\t\t\t<div class=\"elementor-post__meta-data\">\n\t\t\t\t\t<span class=\"elementor-post-date\">\n\t\t\toctubre 4, 2023\t\t<\/span>\n\t\t\t\t<span class=\"elementor-post-avatar\">\n\t\t\tNo hi ha comentaris\t\t<\/span>\n\t\t\t\t<\/div>\n\t\t\t\t\t<\/div>\n\t\t<\/article>\n\t\t\t\t<article class=\"elementor-post elementor-grid-item post-986 post type-post status-publish format-standard has-post-thumbnail hentry category-estrategia-digital category-instagram category-redes-sociales category-uncategorized category-xerpa-studio\" role=\"listitem\">\n\t\t\t<div class=\"elementor-post__card\">\n\t\t\t\t<a class=\"elementor-post__thumbnail__link\" href=\"https:\/\/xerpastudio.com\/cat\/messi-sigue-reinando-en-las-publicaciones-del-barca-en-instagram\/\" tabindex=\"-1\" ><div class=\"elementor-post__thumbnail\"><img loading=\"lazy\" decoding=\"async\" width=\"800\" height=\"450\" src=\"https:\/\/xerpastudio.com\/wp-content\/uploads\/2023\/07\/16x9-messi-v1-1024x576.jpg\" class=\"attachment-large size-large wp-image-988\" alt=\"Los 3 post con m\u00e1s likes de la cuenta del FC Barcelona en la temporada 22\/23.\" srcset=\"https:\/\/xerpastudio.com\/wp-content\/uploads\/2023\/07\/16x9-messi-v1-1024x576.jpg 1024w, https:\/\/xerpastudio.com\/wp-content\/uploads\/2023\/07\/16x9-messi-v1-300x169.jpg 300w, https:\/\/xerpastudio.com\/wp-content\/uploads\/2023\/07\/16x9-messi-v1-768x432.jpg 768w, https:\/\/xerpastudio.com\/wp-content\/uploads\/2023\/07\/16x9-messi-v1-1536x864.jpg 1536w, https:\/\/xerpastudio.com\/wp-content\/uploads\/2023\/07\/16x9-messi-v1-18x10.jpg 18w, https:\/\/xerpastudio.com\/wp-content\/uploads\/2023\/07\/16x9-messi-v1.jpg 1920w\" sizes=\"(max-width: 800px) 100vw, 800px\" \/><\/div><\/a>\n\t\t\t\t<div class=\"elementor-post__text\">\n\t\t\t\t<h3 class=\"elementor-post__title\">\n\t\t\t<a href=\"https:\/\/xerpastudio.com\/cat\/messi-sigue-reinando-en-las-publicaciones-del-barca-en-instagram\/\" >\n\t\t\t\tMessi, el m\u00e9s estimat a les publicacions del Bar\u00e7a a Instagram\t\t\t<\/a>\n\t\t<\/h3>\n\t\t\t\t<div class=\"elementor-post__excerpt\">\n\t\t\t<p>Els quatre posts amb m\u00e9s likes del compte blaugrana, durant la temporada 2022\/23, corresponen a l'astre argent\u00ed<\/p>\n\t\t<\/div>\n\t\t\n\t\t<a class=\"elementor-post__read-more\" href=\"https:\/\/xerpastudio.com\/cat\/messi-sigue-reinando-en-las-publicaciones-del-barca-en-instagram\/\" aria-label=\"Read more about Messi sigue reinando en las publicaciones del Bar\u00e7a en Instagram\" tabindex=\"-1\" >\n\t\t\tLLEGEIX &gt;&gt;\t\t<\/a>\n\n\t\t\t\t<\/div>\n\t\t\t\t<div class=\"elementor-post__meta-data\">\n\t\t\t\t\t<span class=\"elementor-post-date\">\n\t\t\tjuliol 19, 2023\t\t<\/span>\n\t\t\t\t<span class=\"elementor-post-avatar\">\n\t\t\tNo hi ha comentaris\t\t<\/span>\n\t\t\t\t<\/div>\n\t\t\t\t\t<\/div>\n\t\t<\/article>\n\t\t\t\t<article class=\"elementor-post elementor-grid-item post-978 post type-post status-publish format-standard has-post-thumbnail hentry category-estrategia-digital category-instagram category-redes-sociales category-reputacion category-uncategorized category-xerpa-studio\" role=\"listitem\">\n\t\t\t<div class=\"elementor-post__card\">\n\t\t\t\t<a class=\"elementor-post__thumbnail__link\" href=\"https:\/\/xerpastudio.com\/cat\/futbol-y-lgtbifobia-digital\/\" tabindex=\"-1\" ><div class=\"elementor-post__thumbnail\"><img loading=\"lazy\" decoding=\"async\" width=\"800\" height=\"448\" src=\"https:\/\/xerpastudio.com\/wp-content\/uploads\/2023\/07\/Captura-de-pantalla-2023-07-02-233249-1024x573.png\" class=\"attachment-large size-large wp-image-982\" alt=\"Banderas LGTBI en el estadio Johan cruyff del FC Barcelona.\" srcset=\"https:\/\/xerpastudio.com\/wp-content\/uploads\/2023\/07\/Captura-de-pantalla-2023-07-02-233249-1024x573.png 1024w, https:\/\/xerpastudio.com\/wp-content\/uploads\/2023\/07\/Captura-de-pantalla-2023-07-02-233249-300x168.png 300w, https:\/\/xerpastudio.com\/wp-content\/uploads\/2023\/07\/Captura-de-pantalla-2023-07-02-233249-768x430.png 768w, https:\/\/xerpastudio.com\/wp-content\/uploads\/2023\/07\/Captura-de-pantalla-2023-07-02-233249-1536x860.png 1536w, https:\/\/xerpastudio.com\/wp-content\/uploads\/2023\/07\/Captura-de-pantalla-2023-07-02-233249-18x10.png 18w, https:\/\/xerpastudio.com\/wp-content\/uploads\/2023\/07\/Captura-de-pantalla-2023-07-02-233249.png 1593w\" sizes=\"(max-width: 800px) 100vw, 800px\" \/><\/div><\/a>\n\t\t\t\t<div class=\"elementor-post__text\">\n\t\t\t\t<h3 class=\"elementor-post__title\">\n\t\t\t<a href=\"https:\/\/xerpastudio.com\/cat\/futbol-y-lgtbifobia-digital\/\" >\n\t\t\t\tFutbol i LGTBIf\u00f2bia digital\t\t\t<\/a>\n\t\t<\/h3>\n\t\t\t\t<div class=\"elementor-post__excerpt\">\n\t\t\t<p>La publicaci\u00f3 de continguts de suport a la causa LGTBI per part dels clubs de futbol, comporta la p\u00e8rdua de seguidors a les xarxes socials<\/p>\n\t\t<\/div>\n\t\t\n\t\t<a class=\"elementor-post__read-more\" href=\"https:\/\/xerpastudio.com\/cat\/futbol-y-lgtbifobia-digital\/\" aria-label=\"Read more about F\u00fatbol y LGTBIfobia digital\" tabindex=\"-1\" >\n\t\t\tLLEGEIX &gt;&gt;\t\t<\/a>\n\n\t\t\t\t<\/div>\n\t\t\t\t<div class=\"elementor-post__meta-data\">\n\t\t\t\t\t<span class=\"elementor-post-date\">\n\t\t\tjuliol 2, 2023\t\t<\/span>\n\t\t\t\t<span class=\"elementor-post-avatar\">\n\t\t\tNo hi ha comentaris\t\t<\/span>\n\t\t\t\t<\/div>\n\t\t\t\t\t<\/div>\n\t\t<\/article>\n\t\t\t\t<article class=\"elementor-post elementor-grid-item post-964 post type-post status-publish format-standard has-post-thumbnail hentry category-crisis category-reputacion category-uncategorized category-xerpa-studio\" role=\"listitem\">\n\t\t\t<div class=\"elementor-post__card\">\n\t\t\t\t<a class=\"elementor-post__thumbnail__link\" href=\"https:\/\/xerpastudio.com\/cat\/el-caso-negreira-y-la-reputacion-del-barca\/\" tabindex=\"-1\" ><div class=\"elementor-post__thumbnail\"><img loading=\"lazy\" decoding=\"async\" width=\"800\" height=\"384\" src=\"https:\/\/xerpastudio.com\/wp-content\/uploads\/2023\/04\/ELCASONEGREIRA-1024x491.png\" class=\"attachment-large size-large wp-image-975\" alt=\"\" srcset=\"https:\/\/xerpastudio.com\/wp-content\/uploads\/2023\/04\/ELCASONEGREIRA-1024x491.png 1024w, https:\/\/xerpastudio.com\/wp-content\/uploads\/2023\/04\/ELCASONEGREIRA-300x144.png 300w, https:\/\/xerpastudio.com\/wp-content\/uploads\/2023\/04\/ELCASONEGREIRA-768x368.png 768w, https:\/\/xerpastudio.com\/wp-content\/uploads\/2023\/04\/ELCASONEGREIRA-18x9.png 18w, https:\/\/xerpastudio.com\/wp-content\/uploads\/2023\/04\/ELCASONEGREIRA.png 1245w\" sizes=\"(max-width: 800px) 100vw, 800px\" \/><\/div><\/a>\n\t\t\t\t<div class=\"elementor-post__text\">\n\t\t\t\t<h3 class=\"elementor-post__title\">\n\t\t\t<a href=\"https:\/\/xerpastudio.com\/cat\/el-caso-negreira-y-la-reputacion-del-barca\/\" >\n\t\t\t\tEl \u2018Cas Negreira\u2019 i la reputaci\u00f3 del Bar\u00e7a\t\t\t<\/a>\n\t\t<\/h3>\n\t\t\t\t<div class=\"elementor-post__excerpt\">\n\t\t\t<p>Claus per entendre les repercussions d\u2019imatge p\u00fablica d\u2019aquesta crisi, els seus riscos econ\u00f2mics, el silenci intern i els reptes immediats del club<\/p>\n\t\t<\/div>\n\t\t\n\t\t<a class=\"elementor-post__read-more\" href=\"https:\/\/xerpastudio.com\/cat\/el-caso-negreira-y-la-reputacion-del-barca\/\" aria-label=\"Read more about El &#8216;Caso Negreira&#8217; y la reputaci\u00f3n del Bar\u00e7a\" tabindex=\"-1\" >\n\t\t\tLLEGEIX &gt;&gt;\t\t<\/a>\n\n\t\t\t\t<\/div>\n\t\t\t\t<div class=\"elementor-post__meta-data\">\n\t\t\t\t\t<span class=\"elementor-post-date\">\n\t\t\tabril 16, 2023\t\t<\/span>\n\t\t\t\t<span class=\"elementor-post-avatar\">\n\t\t\tNo hi ha comentaris\t\t<\/span>\n\t\t\t\t<\/div>\n\t\t\t\t\t<\/div>\n\t\t<\/article>\n\t\t\t\t<article class=\"elementor-post elementor-grid-item post-956 post type-post status-publish format-standard has-post-thumbnail hentry category-xerpa-studio\" role=\"listitem\">\n\t\t\t<div class=\"elementor-post__card\">\n\t\t\t\t<a class=\"elementor-post__thumbnail__link\" href=\"https:\/\/xerpastudio.com\/cat\/los-medios-de-comunicacion-se-vuelcan-con-el-lanzamiento-de-xerpa-studio\/\" tabindex=\"-1\" ><div class=\"elementor-post__thumbnail\"><img loading=\"lazy\" decoding=\"async\" width=\"800\" height=\"456\" src=\"https:\/\/xerpastudio.com\/wp-content\/uploads\/2023\/04\/ClippingsortidaXerpaStudio-1024x584.png\" class=\"attachment-large size-large wp-image-957\" alt=\"Resumen de las publicaciones sobre el lanzamiento de Xerpa Studio.\" srcset=\"https:\/\/xerpastudio.com\/wp-content\/uploads\/2023\/04\/ClippingsortidaXerpaStudio-1024x584.png 1024w, https:\/\/xerpastudio.com\/wp-content\/uploads\/2023\/04\/ClippingsortidaXerpaStudio-300x171.png 300w, https:\/\/xerpastudio.com\/wp-content\/uploads\/2023\/04\/ClippingsortidaXerpaStudio-768x438.png 768w, https:\/\/xerpastudio.com\/wp-content\/uploads\/2023\/04\/ClippingsortidaXerpaStudio-18x10.png 18w, https:\/\/xerpastudio.com\/wp-content\/uploads\/2023\/04\/ClippingsortidaXerpaStudio.png 1227w\" sizes=\"(max-width: 800px) 100vw, 800px\" \/><\/div><\/a>\n\t\t\t\t<div class=\"elementor-post__text\">\n\t\t\t\t<h3 class=\"elementor-post__title\">\n\t\t\t<a href=\"https:\/\/xerpastudio.com\/cat\/los-medios-de-comunicacion-se-vuelcan-con-el-lanzamiento-de-xerpa-studio\/\" >\n\t\t\t\tEls mitjans de comunicaci\u00f3 es bolquen amb el llan\u00e7ament de Xerpa Studio\t\t\t<\/a>\n\t\t<\/h3>\n\t\t\t\t<div class=\"elementor-post__excerpt\">\n\t\t\t<p>Les principals cap\u00e7aleres esportives, generalistes i del m\u00f3n de la comunicaci\u00f3 es fan ress\u00f2 de la sortida de l'empresa de Toni Ruiz i David Saura<\/p>\n\t\t<\/div>\n\t\t\n\t\t<a class=\"elementor-post__read-more\" href=\"https:\/\/xerpastudio.com\/cat\/los-medios-de-comunicacion-se-vuelcan-con-el-lanzamiento-de-xerpa-studio\/\" aria-label=\"Read more about Los medios de comunicaci\u00f3n se vuelcan con el lanzamiento de Xerpa Studio\" tabindex=\"-1\" >\n\t\t\tLLEGEIX &gt;&gt;\t\t<\/a>\n\n\t\t\t\t<\/div>\n\t\t\t\t<div class=\"elementor-post__meta-data\">\n\t\t\t\t\t<span class=\"elementor-post-date\">\n\t\t\tabril 5, 2023\t\t<\/span>\n\t\t\t\t<span class=\"elementor-post-avatar\">\n\t\t\tNo hi ha comentaris\t\t<\/span>\n\t\t\t\t<\/div>\n\t\t\t\t\t<\/div>\n\t\t<\/article>\n\t\t\t\t<article class=\"elementor-post elementor-grid-item post-952 post type-post status-publish format-standard has-post-thumbnail hentry category-comunicacion-corporativa category-xerpa-studio\" role=\"listitem\">\n\t\t\t<div class=\"elementor-post__card\">\n\t\t\t\t<a class=\"elementor-post__thumbnail__link\" href=\"https:\/\/xerpastudio.com\/cat\/xerpa-studio-colabora-con-el-torneo-atp-girona-costa-brava\/\" tabindex=\"-1\" ><div class=\"elementor-post__thumbnail\"><img loading=\"lazy\" decoding=\"async\" width=\"757\" height=\"505\" src=\"https:\/\/xerpastudio.com\/wp-content\/uploads\/2023\/04\/Eurofirms-Girona-Costa-Brava.png\" class=\"attachment-large size-large wp-image-953\" alt=\"Los finalistas del torneo Eurofirms Girona Costa Brava.\" srcset=\"https:\/\/xerpastudio.com\/wp-content\/uploads\/2023\/04\/Eurofirms-Girona-Costa-Brava.png 757w, https:\/\/xerpastudio.com\/wp-content\/uploads\/2023\/04\/Eurofirms-Girona-Costa-Brava-300x200.png 300w, https:\/\/xerpastudio.com\/wp-content\/uploads\/2023\/04\/Eurofirms-Girona-Costa-Brava-18x12.png 18w\" sizes=\"(max-width: 757px) 100vw, 757px\" \/><\/div><\/a>\n\t\t\t\t<div class=\"elementor-post__text\">\n\t\t\t\t<h3 class=\"elementor-post__title\">\n\t\t\t<a href=\"https:\/\/xerpastudio.com\/cat\/xerpa-studio-colabora-con-el-torneo-atp-girona-costa-brava\/\" >\n\t\t\t\tXerpa Studio col.labora amb el Torneig ATP Girona-Costa Brava\t\t\t<\/a>\n\t\t<\/h3>\n\t\t\t\t<div class=\"elementor-post__excerpt\">\n\t\t\t<p>Charla de Toni Ruiz bajo el t\u00edtulo &#8216;El patrocinio deportivo, un marco de oportunidades&#8217;<\/p>\n\t\t<\/div>\n\t\t\n\t\t<a class=\"elementor-post__read-more\" href=\"https:\/\/xerpastudio.com\/cat\/xerpa-studio-colabora-con-el-torneo-atp-girona-costa-brava\/\" aria-label=\"Read more about Xerpa Studio colabora con el Torneo ATP Girona-Costa Brava\" tabindex=\"-1\" >\n\t\t\tLLEGEIX &gt;&gt;\t\t<\/a>\n\n\t\t\t\t<\/div>\n\t\t\t\t<div class=\"elementor-post__meta-data\">\n\t\t\t\t\t<span class=\"elementor-post-date\">\n\t\t\tabril 3, 2023\t\t<\/span>\n\t\t\t\t<span class=\"elementor-post-avatar\">\n\t\t\tNo hi ha comentaris\t\t<\/span>\n\t\t\t\t<\/div>\n\t\t\t\t\t<\/div>\n\t\t<\/article>\n\t\t\t\t<article class=\"elementor-post elementor-grid-item post-807 post type-post status-publish format-standard has-post-thumbnail hentry category-comunicacion-corporativa category-crisis category-estrategia-digital category-redes-sociales category-xerpa-studio\" role=\"listitem\">\n\t\t\t<div class=\"elementor-post__card\">\n\t\t\t\t<a class=\"elementor-post__thumbnail__link\" href=\"https:\/\/xerpastudio.com\/cat\/toni-ruiz-y-david-saura-lanzan-xerpa-studio\/\" tabindex=\"-1\" ><div class=\"elementor-post__thumbnail\"><img loading=\"lazy\" decoding=\"async\" width=\"800\" height=\"800\" src=\"https:\/\/xerpastudio.com\/wp-content\/uploads\/2023\/03\/xerpa1-symbol-white-final-1024x1024.jpg\" class=\"attachment-large size-large wp-image-824\" alt=\"Xerpa Studio symbol\" srcset=\"https:\/\/xerpastudio.com\/wp-content\/uploads\/2023\/03\/xerpa1-symbol-white-final-1024x1024.jpg 1024w, https:\/\/xerpastudio.com\/wp-content\/uploads\/2023\/03\/xerpa1-symbol-white-final-300x300.jpg 300w, https:\/\/xerpastudio.com\/wp-content\/uploads\/2023\/03\/xerpa1-symbol-white-final-150x150.jpg 150w, https:\/\/xerpastudio.com\/wp-content\/uploads\/2023\/03\/xerpa1-symbol-white-final-768x768.jpg 768w, https:\/\/xerpastudio.com\/wp-content\/uploads\/2023\/03\/xerpa1-symbol-white-final-12x12.jpg 12w, https:\/\/xerpastudio.com\/wp-content\/uploads\/2023\/03\/xerpa1-symbol-white-final.jpg 1500w\" sizes=\"(max-width: 800px) 100vw, 800px\" \/><\/div><\/a>\n\t\t\t\t<div class=\"elementor-post__text\">\n\t\t\t\t<h3 class=\"elementor-post__title\">\n\t\t\t<a href=\"https:\/\/xerpastudio.com\/cat\/toni-ruiz-y-david-saura-lanzan-xerpa-studio\/\" >\n\t\t\t\tToni Ruiz i David Saura llancen Xerpa Studio\t\t\t<\/a>\n\t\t<\/h3>\n\t\t\t\t<div class=\"elementor-post__excerpt\">\n\t\t\t<p>Despr\u00e9s de 25 anys d'experi\u00e8ncia al FC Barcelona, la nova companyia ofereix serveis d'estrat\u00e8gia de comunicaci\u00f3 i continguts digitals<\/p>\n\t\t<\/div>\n\t\t\n\t\t<a class=\"elementor-post__read-more\" href=\"https:\/\/xerpastudio.com\/cat\/toni-ruiz-y-david-saura-lanzan-xerpa-studio\/\" aria-label=\"Read more about Toni Ruiz y David Saura lanzan Xerpa Studio\" tabindex=\"-1\" >\n\t\t\tLLEGEIX &gt;&gt;\t\t<\/a>\n\n\t\t\t\t<\/div>\n\t\t\t\t<div class=\"elementor-post__meta-data\">\n\t\t\t\t\t<span class=\"elementor-post-date\">\n\t\t\tmar\u00e7 22, 2023\t\t<\/span>\n\t\t\t\t<span class=\"elementor-post-avatar\">\n\t\t\tNo hi ha comentaris\t\t<\/span>\n\t\t\t\t<\/div>\n\t\t\t\t\t<\/div>\n\t\t<\/article>\n\t\t\t\t<article class=\"elementor-post elementor-grid-item post-448 post type-post status-publish format-standard has-post-thumbnail hentry category-comunicacion-corporativa category-crisis category-reputacion\" role=\"listitem\">\n\t\t\t<div class=\"elementor-post__card\">\n\t\t\t\t<a class=\"elementor-post__thumbnail__link\" href=\"https:\/\/xerpastudio.com\/cat\/la-era-de-la-reputacion\/\" tabindex=\"-1\" ><div class=\"elementor-post__thumbnail\"><img loading=\"lazy\" decoding=\"async\" width=\"800\" height=\"501\" src=\"https:\/\/xerpastudio.com\/wp-content\/uploads\/2023\/02\/Social-Media-Reviews-1024x641.jpeg\" class=\"attachment-large size-large wp-image-777\" alt=\"\" srcset=\"https:\/\/xerpastudio.com\/wp-content\/uploads\/2023\/02\/Social-Media-Reviews-1024x641.jpeg 1024w, https:\/\/xerpastudio.com\/wp-content\/uploads\/2023\/02\/Social-Media-Reviews-300x188.jpeg 300w, https:\/\/xerpastudio.com\/wp-content\/uploads\/2023\/02\/Social-Media-Reviews-768x481.jpeg 768w, https:\/\/xerpastudio.com\/wp-content\/uploads\/2023\/02\/Social-Media-Reviews-1536x962.jpeg 1536w, https:\/\/xerpastudio.com\/wp-content\/uploads\/2023\/02\/Social-Media-Reviews-18x12.jpeg 18w, https:\/\/xerpastudio.com\/wp-content\/uploads\/2023\/02\/Social-Media-Reviews.jpeg 2000w\" sizes=\"(max-width: 800px) 100vw, 800px\" \/><\/div><\/a>\n\t\t\t\t<div class=\"elementor-post__text\">\n\t\t\t\t<h3 class=\"elementor-post__title\">\n\t\t\t<a href=\"https:\/\/xerpastudio.com\/cat\/la-era-de-la-reputacion\/\" >\n\t\t\t\tL'era de la reputaci\u00f3\t\t\t<\/a>\n\t\t<\/h3>\n\t\t\t\t<div class=\"elementor-post__excerpt\">\n\t\t\t<p>Es tracta d'un dels\u00a0actius intangibles m\u00e9s revaloritzats en aquests \u00faltims temps, ja que pot aportar avantatges competitius com a factor de credibilitat, distinci\u00f3, atracci\u00f3 i fidelitzaci\u00f3<\/p>\n\t\t<\/div>\n\t\t\n\t\t<a class=\"elementor-post__read-more\" href=\"https:\/\/xerpastudio.com\/cat\/la-era-de-la-reputacion\/\" aria-label=\"Read more about La era de la reputaci\u00f3n\" tabindex=\"-1\" >\n\t\t\tLLEGEIX &gt;&gt;\t\t<\/a>\n\n\t\t\t\t<\/div>\n\t\t\t\t<div class=\"elementor-post__meta-data\">\n\t\t\t\t\t<span class=\"elementor-post-date\">\n\t\t\tmar\u00e7 19, 2023\t\t<\/span>\n\t\t\t\t<span class=\"elementor-post-avatar\">\n\t\t\tNo hi ha comentaris\t\t<\/span>\n\t\t\t\t<\/div>\n\t\t\t\t\t<\/div>\n\t\t<\/article>\n\t\t\t\t<article class=\"elementor-post elementor-grid-item post-449 post type-post status-publish format-standard has-post-thumbnail hentry category-estrategia-digital category-youtube\" role=\"listitem\">\n\t\t\t<div class=\"elementor-post__card\">\n\t\t\t\t<a class=\"elementor-post__thumbnail__link\" href=\"https:\/\/xerpastudio.com\/cat\/8-consejos-youtube-2023\/\" tabindex=\"-1\" ><div class=\"elementor-post__thumbnail\"><img loading=\"lazy\" decoding=\"async\" width=\"800\" height=\"534\" src=\"https:\/\/xerpastudio.com\/wp-content\/uploads\/2023\/02\/pexels-greenwish-13883890-1024x683.jpg\" class=\"attachment-large size-large wp-image-784\" alt=\"\" srcset=\"https:\/\/xerpastudio.com\/wp-content\/uploads\/2023\/02\/pexels-greenwish-13883890-1024x683.jpg 1024w, https:\/\/xerpastudio.com\/wp-content\/uploads\/2023\/02\/pexels-greenwish-13883890-300x200.jpg 300w, https:\/\/xerpastudio.com\/wp-content\/uploads\/2023\/02\/pexels-greenwish-13883890-768x512.jpg 768w, https:\/\/xerpastudio.com\/wp-content\/uploads\/2023\/02\/pexels-greenwish-13883890-1536x1024.jpg 1536w, https:\/\/xerpastudio.com\/wp-content\/uploads\/2023\/02\/pexels-greenwish-13883890-2048x1365.jpg 2048w, https:\/\/xerpastudio.com\/wp-content\/uploads\/2023\/02\/pexels-greenwish-13883890-18x12.jpg 18w\" sizes=\"(max-width: 800px) 100vw, 800px\" \/><\/div><\/a>\n\t\t\t\t<div class=\"elementor-post__text\">\n\t\t\t\t<h3 class=\"elementor-post__title\">\n\t\t\t<a href=\"https:\/\/xerpastudio.com\/cat\/8-consejos-youtube-2023\/\" >\n\t\t\t\t9 consells per a millorar les visualitzacions a Youtube (2023)\t\t\t<\/a>\n\t\t<\/h3>\n\t\t\t\t<div class=\"elementor-post__excerpt\">\n\t\t\t<p>El contingut de qualitat, el thumbnail, el ganxo inicial, la const\u00e0ncia o el t\u00edtol s\u00f3n alguns dels elements que t'ajudaran a millorar les views dels teus v\u00eddeos<\/p>\n\t\t<\/div>\n\t\t\n\t\t<a class=\"elementor-post__read-more\" href=\"https:\/\/xerpastudio.com\/cat\/8-consejos-youtube-2023\/\" aria-label=\"Read more about 9 consejos para mejorar las visualizaciones en Youtube en 2023\" tabindex=\"-1\" >\n\t\t\tLLEGEIX &gt;&gt;\t\t<\/a>\n\n\t\t\t\t<\/div>\n\t\t\t\t<div class=\"elementor-post__meta-data\">\n\t\t\t\t\t<span class=\"elementor-post-date\">\n\t\t\tfebrer 26, 2023\t\t<\/span>\n\t\t\t\t<span class=\"elementor-post-avatar\">\n\t\t\tNo hi ha comentaris\t\t<\/span>\n\t\t\t\t<\/div>\n\t\t\t\t\t<\/div>\n\t\t<\/article>\n\t\t\t\t<\/div>\n\t\t\n\t\t\t\t\t\t<\/div>\n\t\t\t\t<\/div>\n\t\t\t\t\t<\/div>\n\t\t<\/div>\n\t\t\t\t\t<\/div>\n\t\t<\/section>\n\t\t\t\t<\/div>","protected":false},"excerpt":{"rendered":"<p>ZONA MIXTA Las \u00faltimas noticias de Xerpa Studio y del mundo de la comunicaci\u00f3n.<\/p>","protected":false},"author":654,"featured_media":0,"parent":0,"menu_order":0,"comment_status":"closed","ping_status":"closed","template":"","meta":{"footnotes":""},"class_list":["post-350","page","type-page","status-publish","hentry"],"yoast_head":"<!-- This site is optimized with the Yoast SEO plugin v27.0 - https:\/\/yoast.com\/product\/yoast-seo-wordpress\/ -->\n<title>ZONA MIXTA - xerpastudio<\/title>\n<meta name=\"robots\" content=\"index, follow, max-snippet:-1, max-image-preview:large, max-video-preview:-1\" \/>\n<link rel=\"canonical\" href=\"https:\/\/xerpastudio.com\/cat\/zona-mixta\/\" \/>\n<meta property=\"og:locale\" content=\"ca_ES\" \/>\n<meta property=\"og:type\" content=\"article\" \/>\n<meta property=\"og:title\" content=\"ZONA MIXTA - xerpastudio\" \/>\n<meta property=\"og:description\" content=\"ZONA MIXTA Las \u00faltimas noticias de Xerpa Studio y del mundo de la comunicaci\u00f3n.\" \/>\n<meta property=\"og:url\" content=\"https:\/\/xerpastudio.com\/cat\/zona-mixta\/\" \/>\n<meta property=\"og:site_name\" content=\"xerpastudio\" \/>\n<meta property=\"article:modified_time\" content=\"2025-12-16T18:40:19+00:00\" \/>\n<meta name=\"twitter:card\" content=\"summary_large_image\" \/>\n<script type=\"application\/ld+json\" class=\"yoast-schema-graph\">{\"@context\":\"https:\/\/schema.org\",\"@graph\":[{\"@type\":\"WebPage\",\"@id\":\"https:\/\/xerpastudio.com\/zona-mixta\/\",\"url\":\"https:\/\/xerpastudio.com\/zona-mixta\/\",\"name\":\"ZONA MIXTA - xerpastudio\",\"isPartOf\":{\"@id\":\"https:\/\/xerpastudio.com\/#website\"},\"datePublished\":\"2023-02-22T16:56:08+00:00\",\"dateModified\":\"2025-12-16T18:40:19+00:00\",\"breadcrumb\":{\"@id\":\"https:\/\/xerpastudio.com\/zona-mixta\/#breadcrumb\"},\"inLanguage\":\"ca\",\"potentialAction\":[{\"@type\":\"ReadAction\",\"target\":[\"https:\/\/xerpastudio.com\/zona-mixta\/\"]}]},{\"@type\":\"BreadcrumbList\",\"@id\":\"https:\/\/xerpastudio.com\/zona-mixta\/#breadcrumb\",\"itemListElement\":[{\"@type\":\"ListItem\",\"position\":1,\"name\":\"Home\",\"item\":\"https:\/\/xerpastudio.com\/\"},{\"@type\":\"ListItem\",\"position\":2,\"name\":\"ZONA MIXTA\"}]},{\"@type\":\"WebSite\",\"@id\":\"https:\/\/xerpastudio.com\/#website\",\"url\":\"https:\/\/xerpastudio.com\/\",\"name\":\"xerpastudio\",\"description\":\"SPORTS &amp; CORPORATE COMMS\",\"publisher\":{\"@id\":\"https:\/\/xerpastudio.com\/#organization\"},\"potentialAction\":[{\"@type\":\"SearchAction\",\"target\":{\"@type\":\"EntryPoint\",\"urlTemplate\":\"https:\/\/xerpastudio.com\/?s={search_term_string}\"},\"query-input\":{\"@type\":\"PropertyValueSpecification\",\"valueRequired\":true,\"valueName\":\"search_term_string\"}}],\"inLanguage\":\"ca\"},{\"@type\":\"Organization\",\"@id\":\"https:\/\/xerpastudio.com\/#organization\",\"name\":\"XERPA STUDIO\",\"url\":\"https:\/\/xerpastudio.com\/\",\"logo\":{\"@type\":\"ImageObject\",\"inLanguage\":\"ca\",\"@id\":\"https:\/\/xerpastudio.com\/#\/schema\/logo\/image\/\",\"url\":\"https:\/\/xerpastudio.com\/wp-content\/uploads\/2023\/02\/xerpa1-white-final.png\",\"contentUrl\":\"https:\/\/xerpastudio.com\/wp-content\/uploads\/2023\/02\/xerpa1-white-final.png\",\"width\":910,\"height\":280,\"caption\":\"XERPA STUDIO\"},\"image\":{\"@id\":\"https:\/\/xerpastudio.com\/#\/schema\/logo\/image\/\"},\"sameAs\":[\"https:\/\/instagram.com\/xerpastudio\"]}]}<\/script>\n<!-- \/ Yoast SEO plugin. -->","yoast_head_json":{"title":"ZONA MIXTA - xerpastudio","robots":{"index":"index","follow":"follow","max-snippet":"max-snippet:-1","max-image-preview":"max-image-preview:large","max-video-preview":"max-video-preview:-1"},"canonical":"https:\/\/xerpastudio.com\/cat\/zona-mixta\/","og_locale":"ca_ES","og_type":"article","og_title":"ZONA MIXTA - xerpastudio","og_description":"ZONA MIXTA Las \u00faltimas noticias de Xerpa Studio y del mundo de la comunicaci\u00f3n.","og_url":"https:\/\/xerpastudio.com\/cat\/zona-mixta\/","og_site_name":"xerpastudio","article_modified_time":"2025-12-16T18:40:19+00:00","twitter_card":"summary_large_image","schema":{"@context":"https:\/\/schema.org","@graph":[{"@type":"WebPage","@id":"https:\/\/xerpastudio.com\/zona-mixta\/","url":"https:\/\/xerpastudio.com\/zona-mixta\/","name":"ZONA MIXTA - xerpastudio","isPartOf":{"@id":"https:\/\/xerpastudio.com\/#website"},"datePublished":"2023-02-22T16:56:08+00:00","dateModified":"2025-12-16T18:40:19+00:00","breadcrumb":{"@id":"https:\/\/xerpastudio.com\/zona-mixta\/#breadcrumb"},"inLanguage":"ca","potentialAction":[{"@type":"ReadAction","target":["https:\/\/xerpastudio.com\/zona-mixta\/"]}]},{"@type":"BreadcrumbList","@id":"https:\/\/xerpastudio.com\/zona-mixta\/#breadcrumb","itemListElement":[{"@type":"ListItem","position":1,"name":"Home","item":"https:\/\/xerpastudio.com\/"},{"@type":"ListItem","position":2,"name":"ZONA MIXTA"}]},{"@type":"WebSite","@id":"https:\/\/xerpastudio.com\/#website","url":"https:\/\/xerpastudio.com\/","name":"xerpastudio","description":"SPORTS &amp; CORPORATE COMMS","publisher":{"@id":"https:\/\/xerpastudio.com\/#organization"},"potentialAction":[{"@type":"SearchAction","target":{"@type":"EntryPoint","urlTemplate":"https:\/\/xerpastudio.com\/?s={search_term_string}"},"query-input":{"@type":"PropertyValueSpecification","valueRequired":true,"valueName":"search_term_string"}}],"inLanguage":"ca"},{"@type":"Organization","@id":"https:\/\/xerpastudio.com\/#organization","name":"XERPA STUDIO","url":"https:\/\/xerpastudio.com\/","logo":{"@type":"ImageObject","inLanguage":"ca","@id":"https:\/\/xerpastudio.com\/#\/schema\/logo\/image\/","url":"https:\/\/xerpastudio.com\/wp-content\/uploads\/2023\/02\/xerpa1-white-final.png","contentUrl":"https:\/\/xerpastudio.com\/wp-content\/uploads\/2023\/02\/xerpa1-white-final.png","width":910,"height":280,"caption":"XERPA STUDIO"},"image":{"@id":"https:\/\/xerpastudio.com\/#\/schema\/logo\/image\/"},"sameAs":["https:\/\/instagram.com\/xerpastudio"]}]}},"_links":{"self":[{"href":"https:\/\/xerpastudio.com\/cat\/wp-json\/wp\/v2\/pages\/350","targetHints":{"allow":["GET"]}}],"collection":[{"href":"https:\/\/xerpastudio.com\/cat\/wp-json\/wp\/v2\/pages"}],"about":[{"href":"https:\/\/xerpastudio.com\/cat\/wp-json\/wp\/v2\/types\/page"}],"author":[{"embeddable":true,"href":"https:\/\/xerpastudio.com\/cat\/wp-json\/wp\/v2\/users\/654"}],"replies":[{"embeddable":true,"href":"https:\/\/xerpastudio.com\/cat\/wp-json\/wp\/v2\/comments?post=350"}],"version-history":[{"count":13,"href":"https:\/\/xerpastudio.com\/cat\/wp-json\/wp\/v2\/pages\/350\/revisions"}],"predecessor-version":[{"id":1054,"href":"https:\/\/xerpastudio.com\/cat\/wp-json\/wp\/v2\/pages\/350\/revisions\/1054"}],"wp:attachment":[{"href":"https:\/\/xerpastudio.com\/cat\/wp-json\/wp\/v2\/media?parent=350"}],"curies":[{"name":"wp","href":"https:\/\/api.w.org\/{rel}","templated":true}]}}